{"id":2446,"date":"2022-06-19T10:29:53","date_gmt":"2022-06-19T10:29:53","guid":{"rendered":"https:\/\/serpilasamhairclinic.com\/kirurgija-uses-otoplastiko\/"},"modified":"2022-11-02T08:04:42","modified_gmt":"2022-11-02T08:04:42","slug":"kirurgija-uses-otoplastiko","status":"publish","type":"page","link":"https:\/\/serpilasamhairclinic.com\/sl\/kirurgija-uses-otoplastiko\/","title":{"rendered":"Kirurgija u\u0161es Otoplastiko"},"content":{"rendered":"\t\t<div data-elementor-type=\"wp-page\" data-elementor-id=\"2446\" class=\"elementor elementor-2446\" data-elementor-post-type=\"page\">\n\t\t\t\t\t\t<section class=\"elementor-section elementor-top-section elementor-element elementor-element-2c1131e elementor-section-boxed elementor-section-height-default elementor-section-height-default\" data-id=\"2c1131e\" data-element_type=\"section\" data-e-type=\"section\" data-settings=\"{&quot;background_background&quot;:&quot;classic&quot;}\">\n\t\t\t\t\t\t<div class=\"elementor-container elementor-column-gap-default\">\n\t\t\t\t\t<div class=\"elementor-column elementor-col-100 elementor-top-column elementor-element elementor-element-b7c6070\" data-id=\"b7c6070\" data-element_type=\"column\" data-e-type=\"column\">\n\t\t\t<div class=\"elementor-widget-wrap elementor-element-populated\">\n\t\t\t\t\t\t<div class=\"elementor-element elementor-element-6d48f61 elementor-widget elementor-widget-heading\" data-id=\"6d48f61\" data-element_type=\"widget\" data-e-type=\"widget\" data-widget_type=\"heading.default\">\n\t\t\t\t<div class=\"elementor-widget-container\">\n\t\t\t\t\t<h1 class=\"elementor-heading-title elementor-size-default\">Kirurgija u\u0161es Otoplastiko<\/h1>\t\t\t\t<\/div>\n\t\t\t\t<\/div>\n\t\t\t\t\t<\/div>\n\t\t<\/div>\n\t\t\t\t\t<\/div>\n\t\t<\/section>\n\t\t\t\t<section class=\"elementor-section elementor-top-section elementor-element elementor-element-af4e8b8 elementor-section-boxed elementor-section-height-default elementor-section-height-default\" data-id=\"af4e8b8\" data-element_type=\"section\" data-e-type=\"section\">\n\t\t\t\t\t\t<div class=\"elementor-container elementor-column-gap-default\">\n\t\t\t\t\t<div class=\"elementor-column elementor-col-100 elementor-top-column elementor-element elementor-element-cc94c6d\" data-id=\"cc94c6d\" data-element_type=\"column\" data-e-type=\"column\">\n\t\t\t<div class=\"elementor-widget-wrap elementor-element-populated\">\n\t\t\t\t\t\t<div class=\"elementor-element elementor-element-7ff20f8 elementor-widget elementor-widget-image\" data-id=\"7ff20f8\" data-element_type=\"widget\" data-e-type=\"widget\" data-widget_type=\"image.default\">\n\t\t\t\t<div class=\"elementor-widget-container\">\n\t\t\t\t\t\t\t\t\t\t\t\t\t\t\t<img fetchpriority=\"high\" decoding=\"async\" width=\"512\" height=\"512\" src=\"https:\/\/serpilasamhairclinic.com\/wp-content\/uploads\/2022\/02\/cropped-serpil-asam-hair-clinic.png\" class=\"attachment-large size-large wp-image-2351\" alt=\"\" srcset=\"https:\/\/serpilasamhairclinic.com\/wp-content\/uploads\/2022\/02\/cropped-serpil-asam-hair-clinic.png 512w, https:\/\/serpilasamhairclinic.com\/wp-content\/uploads\/2022\/02\/cropped-serpil-asam-hair-clinic-300x300.png 300w, https:\/\/serpilasamhairclinic.com\/wp-content\/uploads\/2022\/02\/cropped-serpil-asam-hair-clinic-150x150.png 150w, https:\/\/serpilasamhairclinic.com\/wp-content\/uploads\/2022\/02\/cropped-serpil-asam-hair-clinic-270x270.png 270w, https:\/\/serpilasamhairclinic.com\/wp-content\/uploads\/2022\/02\/cropped-serpil-asam-hair-clinic-192x192.png 192w, https:\/\/serpilasamhairclinic.com\/wp-content\/uploads\/2022\/02\/cropped-serpil-asam-hair-clinic-180x180.png 180w, https:\/\/serpilasamhairclinic.com\/wp-content\/uploads\/2022\/02\/cropped-serpil-asam-hair-clinic-32x32.png 32w, https:\/\/serpilasamhairclinic.com\/wp-content\/uploads\/2022\/02\/elementor\/thumbs\/cropped-serpil-asam-hair-clinic-pl86ot7mn65h0vfy9cnyzqizj4tcprgkh8aswotqc2.png 85w\" sizes=\"(max-width: 512px) 100vw, 512px\" title=\"\">\t\t\t\t\t\t\t\t\t\t\t\t\t\t\t<\/div>\n\t\t\t\t<\/div>\n\t\t\t\t\t<\/div>\n\t\t<\/div>\n\t\t\t\t\t<\/div>\n\t\t<\/section>\n\t\t\t\t<section class=\"elementor-section elementor-top-section elementor-element elementor-element-632af8c elementor-section-boxed elementor-section-height-default elementor-section-height-default\" data-id=\"632af8c\" data-element_type=\"section\" data-e-type=\"section\" id=\"estetik\" data-settings=\"{&quot;background_background&quot;:&quot;classic&quot;}\">\n\t\t\t\t\t\t<div class=\"elementor-container elementor-column-gap-default\">\n\t\t\t\t\t<div class=\"elementor-column elementor-col-100 elementor-top-column elementor-element elementor-element-45c92d73\" data-id=\"45c92d73\" data-element_type=\"column\" data-e-type=\"column\">\n\t\t\t<div class=\"elementor-widget-wrap elementor-element-populated\">\n\t\t\t\t\t\t<div class=\"elementor-element elementor-element-74b40ae elementor-widget elementor-widget-text-editor\" data-id=\"74b40ae\" data-element_type=\"widget\" data-e-type=\"widget\" data-widget_type=\"text-editor.default\">\n\t\t\t\t<div class=\"elementor-widget-container\">\n\t\t\t\t\t\t\t\t\t<p>Vidna je zunanja struktura u\u0161es, katerih glavna funkcija je sluh. Zato so ljudje zaradi nekaterih deformacij ali prirojenih deformacij u\u0161es moteni. Deformacije u\u0161es, ki povzro\u010dajo psiholo\u0161ke te\u017eave v mladosti, zlasti pri otrocih, lahko v poznej\u0161ih letih povzro\u010dijo te\u017eave s samozavestjo. Zato je mogo\u010de z estetsko operacijo u\u0161esa trajno re\u0161iti poslab\u0161anje strukture u\u0161esa, ki se razvije po \u0161estem letu starosti. \u010ce ne \u017eelite, da bi se psihologija va\u0161ih otrok poslab\u0161ala, ali \u010de \u017eelite pove\u010dati svojo nizko samozavest, se lahko odlo\u010dite za estetsko operacijo u\u0161es.<\/p>\n<h2><strong>Estetska operacija u\u0161es<\/strong><\/h2>\n<p>U\u0161esa se razvijejo po \u0161estem letu starosti. Prirojene ali naklju\u010dne te\u017eave z u\u0161esi se pojavljajo pri posameznikih. To lahko pri mnogih ljudeh povzro\u010di te\u017eave s samozavestjo. Estetsko operacijo u\u0161es je mogo\u010de re\u0161iti, \u010de u\u0161esa ob rojstvu v celoti ali delno manjkajo, \u010de hrustanec okoli u\u0161esa \u0161trli, \u010de je uho nagubano, \u010de so u\u0161esne konice preve\u010d koni\u010daste, \u010de so u\u0161esa nagnjena naprej ali \u010de se u\u0161esni del izgubi zaradi nesre\u010de. V nekaterih primerih se lahko te\u017eava v enem u\u0161esu pojavi v obeh u\u0161esih. Najpogostej\u0161a te\u017eava je izrazit videz u\u0161esa. Ker so ljudje nezadovoljni z estetiko, lahko trajno re\u0161itev dobijo z estetsko operacijo u\u0161es, ki je zelo preprosta.<\/p>\n<h2><strong>Kako se izvaja operacija izstopajo\u010dega u\u0161esa?<\/strong><\/h2>\n<p>\u010ce je pacient z operacijo vidnega u\u0161esa odrasel, se postopek za\u010dne z lokalno anestezijo po uporabi pomirjevalnega zdravila. \u010ce je pacient mlaj\u0161i, se postopek za\u010dne s splo\u0161no anestezijo. Dolo\u010dijo se mesta, ki jih je treba za\u0161iti za u\u0161esom. Na ko\u017ei za u\u0161esom se naredi rez, skozi katerega se obri\u0161e hrustan\u010dno tkivo, da dobi uho \u017eeleni ukrivljeni videz. Kot med u\u0161esom in glavo se zo\u017ei s \u0161ivi med povr\u0161ino u\u0161esa in membrano lobanjske kosti, s \u0161ivi pa se ustvari na\u010drtovana oblika u\u0161esa. V nekaterih primerih je treba obdelati tudi u\u0161esno me\u010dico, da se ohrani razmerje. V tem primeru se tkivo odstrani izza u\u0161esne me\u010dice. V zadnji fazi se postopek zaklju\u010di z estetskimi \u0161ivi.<\/p>\n<h2><strong>Stvari, ki jih je treba upo\u0161tevati po operaciji<\/strong><\/h2>\n<p>Stvari, ki jih je treba upo\u0161tevati po operaciji u\u0161es;<\/p>\n<ul>\n<li>En dan po operaciji je treba opraviti prevezo.<\/li>\n<li>Po prvem pregledu pritrdimo trak za lase, ki ni pretesen, vendar ohranja u\u0161esa stabilna. Ta trak morate nositi tako dolgo, kot vam priporo\u010da zdravnik.<\/li>\n<li>Vsaj en mesec je treba pono\u010di nositi trak za lase, da se prepre\u010di zvijanje in za\u0161\u010diti uho, zlasti pono\u010di.<\/li>\n<li>Po operaciji je treba za zmanj\u0161anje otekline uporabiti led.<\/li>\n<li>Dana zdravila je treba uporabljati v celoti.<\/li>\n<li>Nekaj tednov lahko pride do otrplosti ko\u017enega tkiva u\u0161esa, kar je normalno.<\/li>\n<li>Ne uporabljajte toplotnih postopkov, kot je su\u0161enje las, dokler vam tega ne odobri zdravnik.<\/li>\n<li>Te\u017eave s krvavitvami, ki se pojavijo po vsakem kirur\u0161kem posegu, so prisotne tudi pri operacijah u\u0161es. V u\u0161esu in za u\u0161esom lahko pride do zbiranja krvi, zato se posvetujte z zdravnikom.<\/li>\n<li>\u010ce se obmo\u010dja po posegu ne dotikamo z rokami, lahko pride do oku\u017ebe.<\/li>\n<li>V nekaterih primerih lahko \u0161ivi v u\u0161esu povzro\u010dijo nastanek aken. V takem primeru obvestite svojega zdravnika in po potrebi bodo \u0161ivi odstranjeni s postopkom \u010di\u0161\u010denja.<\/li>\n<\/ul>\n<h2><strong>Ali obstaja starostna omejitev za kirurgijo izstopajo\u010dega u\u0161esa?<\/strong><\/h2>\n<p>Razvoj u\u0161esa se ve\u010dinoma zaklju\u010di po \u0161estem letu starosti. Zato lahko v primeru velikih zdravstvenih te\u017eav operacijo u\u0161esa opravite po 6. letu starosti. Tak\u0161ne operacije v mladosti skraj\u0161ajo obdobje okrevanja in prepre\u010dijo psiholo\u0161ke travme, ki jih bo otrok do\u017eivljal v prihodnosti. Pri otrocih in mladostnikih se operacija u\u0161es izvaja v splo\u0161ni anesteziji, pri odraslih pa v lokalni anesteziji.<\/p>\n<h2><strong>Kako dolgo traja operacija izstopajo\u010dega u\u0161esa?<\/strong><\/h2>\n<p>Operacija u\u0161esa obi\u010dajno traja 1,5 ure, \u010de ni dodatnih okoli\u0161\u010din.<\/p>\n<p><strong>Ali bodo po operaciji vidnega u\u0161esa ostale kak\u0161ne brazgotine?<\/strong><\/p>\n<p>Operacije vidnega u\u0161esa so postopek, ki se izvaja z rezi na zadnji strani u\u0161esa. Zato ni vidnih sledi. Za u\u0161esom je zelo majhna vidna brazgotina.<\/p>\n<h2><strong>Ali kirurgija prepre\u010duje sluh?<\/strong><\/h2>\n<p>Estetske operacije u\u0161es so operacije, s katerimi spremenimo strukturo zunanjega u\u0161esa, tako da ne ovirajo sluha.<\/p>\n<h2><strong>Ali bo bole\u010dina po vidnem <\/strong><strong>Otoplastiki?<\/strong><\/h2>\n<p>Ker je operacija vidnega u\u0161esa kirur\u0161ki poseg, je normalno, da vas prvih nekaj dni boli. V tem \u010dasu lahko uporabljate sredstva proti bole\u010dinam, ki vam jih je dal zdravnik. Vendar te bole\u010dine niso neznosne.<\/p>\n<h2><strong>Ali bo po operaciji o\u010ditno, da je bila izvedena operacija vidnega u\u0161esa?<\/strong><\/h2>\n<p>Pri prvi operaciji se zaradi kirur\u0161kega postopka pojavita oteklina in modrica. Te otekline za\u010dnejo po enem tednu upadati in \u0161ivi se zlijejo, po najve\u010d enem mesecu pa ni o\u010ditno, da ste bili operirani.<\/p>\n<h2><strong>Kdaj se odstranijo \u0161ivi?<\/strong><\/h2>\n<p>Samore\u0161evalni \u0161ivi se obi\u010dajno uporabljajo pri operacijah vidnih u\u0161es. En teden po operaciji se \u0161ivi za\u010dnejo raztapljati in v 2-3 tednih popolnoma izginejo.<\/p>\n<h2><strong>Kdaj se kopati po operaciji?<\/strong><\/h2>\n<p>Po operaciji u\u0161esa se nekaj \u010dasa ne smete dotikati vode. En teden po operaciji se lahko na kratko kopate. Po 15 dneh se lahko kopate po \u017eelji.<\/p>\n<h2><strong>Kako dolgo nosi naglavni trak?<\/strong><\/h2>\n<p>Po operaciji vidnega u\u0161esa je priporo\u010dljivo nositi trak za lase, zlasti pono\u010di, da prepre\u010dite upogibanje u\u0161es in jih za\u0161\u010ditite. \u010ceprav je to obdobje pri razli\u010dnih ljudeh razli\u010dno, je priporo\u010dljivo, da traja povpre\u010dno en mesec.<\/p>\n\t\t\t\t\t\t\t\t<\/div>\n\t\t\t\t<\/div>\n\t\t\t\t\t<\/div>\n\t\t<\/div>\n\t\t\t\t\t<\/div>\n\t\t<\/section>\n\t\t\t\t<\/div>\n\t\t","protected":false},"excerpt":{"rendered":"<p>Kirurgija u\u0161es Otoplastiko Vidna je zunanja struktura u\u0161es, katerih glavna funkcija je sluh. Zato so ljudje zaradi nekaterih deformacij ali prirojenih deformacij u\u0161es moteni. Deformacije u\u0161es, ki povzro\u010dajo psiholo\u0161ke te\u017eave v mladosti, zlasti pri otrocih, lahko v poznej\u0161ih letih povzro\u010dijo te\u017eave s samozavestjo. Zato je mogo\u010de z estetsko operacijo u\u0161esa trajno re\u0161iti poslab\u0161anje strukture u\u0161esa, [&hellip;]<\/p>\n","protected":false},"author":1,"featured_media":0,"parent":0,"menu_order":0,"comment_status":"closed","ping_status":"closed","template":"","meta":{"footnotes":""},"class_list":["post-2446","page","type-page","status-publish","hentry"],"_links":{"self":[{"href":"https:\/\/serpilasamhairclinic.com\/sl\/wp-json\/wp\/v2\/pages\/2446","targetHints":{"allow":["GET"]}}],"collection":[{"href":"https:\/\/serpilasamhairclinic.com\/sl\/wp-json\/wp\/v2\/pages"}],"about":[{"href":"https:\/\/serpilasamhairclinic.com\/sl\/wp-json\/wp\/v2\/types\/page"}],"author":[{"embeddable":true,"href":"https:\/\/serpilasamhairclinic.com\/sl\/wp-json\/wp\/v2\/users\/1"}],"replies":[{"embeddable":true,"href":"https:\/\/serpilasamhairclinic.com\/sl\/wp-json\/wp\/v2\/comments?post=2446"}],"version-history":[{"count":0,"href":"https:\/\/serpilasamhairclinic.com\/sl\/wp-json\/wp\/v2\/pages\/2446\/revisions"}],"wp:attachment":[{"href":"https:\/\/serpilasamhairclinic.com\/sl\/wp-json\/wp\/v2\/media?parent=2446"}],"curies":[{"name":"wp","href":"https:\/\/api.w.org\/{rel}","templated":true}]}}